{"id":2275,"date":"2024-05-18T13:37:54","date_gmt":"2024-05-18T13:37:54","guid":{"rendered":"https:\/\/www.comunianvini.it\/?page_id=2275"},"modified":"2024-05-18T14:06:45","modified_gmt":"2024-05-18T14:06:45","slug":"privacy-policy","status":"publish","type":"page","link":"https:\/\/www.comunianvini.it\/?page_id=2275","title":{"rendered":"Privacy Policy"},"content":{"rendered":"\n<h2 class=\"wp-block-heading\">Informativa sul trattamento dei dati personali ai sensi del Regolamento UE n. 679\/2016 (GDPR) e delle ulteriori normative vigenti<\/h2>\n\n\n\n<h3 class=\"wp-block-heading\">Premessa<\/h3>\n\n\n\n<p>Questa pagina ha lo scopo di informare&nbsp;<strong>l\u2019Interessato\/Utente<\/strong>&nbsp;su come&nbsp;<strong>Comunian Vini Srl<\/strong>&nbsp;, da ora nominata \u201cSociet\u00e0\u201d, utilizza i dati personali raccolti dal sito web&nbsp;www.comunianvini.it&nbsp;e dalle relative applicazioni online. L\u2019informativa non \u00e8 estendibile a siti web eventualmente consultati dall\u2019utente tramite link.<\/p>\n\n\n\n<p>Si descrivono le modalit\u00e0 di gestione del trattamento dei dati personali, individuando i requisiti per la raccolta di dati personali on-line e, in particolare: i dati di contatto, la base giuridica, i destinatari del trattamento (compresi eventuali esteri), il periodo di conservazione, i diritti dell\u2019Interessato, se vi sia obbligo di comunicazioni dei dati ed eventuali conseguenze del diniego, l\u2019eventuale presenza di processi decisionali automatizzati (compresa la profilazione) e le categorie di dati trattati.<\/p>\n\n\n\n<p>A seguito della consultazione di questo sito possono essere trattati dati relativi a persone identificate o identificabili ai sensi degli artt. 4 e 24 del Reg. UE 2016\/679. Tali informazioni vengono raccolte, valutate e successivamente utilizzate esclusivamente per le finalit\u00e0 autorizzate e consentite e non vengono trasmesse a terzi, eccetto espressa autorizzazione.<\/p>\n\n\n\n<p>Si tratta di un&#8217;informativa resa nel rispetto di quanto previsto ai sensi degli artt. 12, 13 e 14 del Regolamento UE 2016\/679 &#8211; GDPR&nbsp;e del D. LGS. 196\/2003, cos\u00ec come novellato dal D. Lgs. 101\/2018&nbsp;e relativa normativa nazionale di adeguamento a coloro che interagiscono con i servizi web della Societ\u00e0, accessibili per via telematica all&#8217;indirizzo: www.comunianvini.it, indipendentemente dagli scopi del collegamento.&nbsp;<\/p>\n\n\n\n<h3 class=\"wp-block-heading\">&nbsp;Titolare del Trattamento<\/h3>\n\n\n\n<p>Il Titolare del Trattamento \u00e8 Comunian Vini Srl, con sede in Via Svezia, 5 &#8211; Padova (PD) Italia, contattabile all\u2019indirizzo&nbsp;info@comunianvini.it<a href=\"mailto:amministrazione@qweb.eu\"><\/a>&nbsp;o attraverso uno dei contatti presenti nel sito web, da ora indicata come Societ\u00e0.<\/p>\n\n\n\n<h3 class=\"wp-block-heading\">&nbsp;Dati Personali Raccolti e Trattati<\/h3>\n\n\n\n<p><strong>Dati di navigazione<\/strong><\/p>\n\n\n\n<p>I sistemi informatici e le procedure software preposte al funzionamento di questo sito web acquisiscono, nel corso del loro normale esercizio, alcuni dati personali la cui trasmissione \u00e8 implicita nell&#8217;uso dei protocolli di comunicazione di Internet.<br>Tra i dati raccolti sono comprese informazioni relative agli accessi, quali gli indirizzi IP e i nomi di dominio dei computer utilizzati dagli utenti che si connettono al sito, nonch\u00e9 altri parametri riguardanti l\u2019ambiente informatico utilizzato dagli utenti.<br>Questi dati vengono utilizzati al solo fine di ricavare informazioni statistiche anonime sull&#8217;uso del sito e per controllarne il corretto funzionamento.<br>Tali dati, raccolti automaticamente, non sono associati a dati provenienti da altre fonti. Tuttavia, ci riserviamo il diritto di verificare in modo retrospettivo tali dati, se vengono portate alla nostra attenzione indicazioni concrete sull&#8217;uso illegale.<\/p>\n\n\n\n<p><strong>Dati forniti volontariamente dall\u2019utente<\/strong><\/p>\n\n\n\n<p>Di norma, la divulgazione di dati personali non \u00e8 richiesta per l&#8217;uso dei nostri servizi online. Se i dati personali (nome, indirizzo postale o indirizzo e-mail) sono raccolti nell&#8217;ambito dei nostri servizi online, questo viene fatto, per quanto possibile, su base volontaria.<br>Se, ad esempio, l\u2019Interessato desidera ricevere la Newsletter offerta sul nostro sito Web, richiediamo l\u2019indirizzo email e le informazioni che ci consentono di verificare, per quanto possibile, che \u00e8 il proprietario dell&#8217;indirizzo email indicato.<br>Se, ad esempio, l\u2019Interessato decide di inviarci spontaneamente e liberamente posta elettronica agli indirizzi indicati su questo sito, questo comporter\u00e0 la successiva acquisizione dell&#8217;indirizzo del mittente, necessario per rispondere alle richieste, nonch\u00e9 degli eventuali altri dati personali inseriti nella missiva.<\/p>\n\n\n\n<p>I dati personali raccolti, dietro suo libero ed espresso consenso, sono inerenti esclusivamente a:<\/p>\n\n\n\n<ul class=\"wp-block-list\">\n<li>Dati identificativi (per esempio: nome, cognome, indirizzo, telefono, fax, e-mail, etc&#8230;).<\/li>\n\n\n\n<li>Dati fiscali (se richiesti a norma di legge &#8211; per esempio codice fiscale, partita iva etc&#8230;).<\/li>\n<\/ul>\n\n\n\n<p>I dati personali inviatici di natura diversa o non inerenti a quelli sopra specificati saranno ignorati e non trattati ad esclusione di quelli necessari all\u2019adempimento di obbligazioni contrattuali o all\u2019adempimento di obblighi di legge.<\/p>\n\n\n\n<h3 class=\"wp-block-heading\">Liceit\u00e0, Finalit\u00e0 e Modalit\u00e0 del Trattamento<\/h3>\n\n\n\n<p>I dati personali, forniti sempre liberamente e spontaneamente dall\u2019Interessato, saranno oggetto di trattamento nel rispetto delle condizioni di liceit\u00e0 ex art. 6 Reg. UE 2016\/679 e, in linea di principio, vengono elaborati e utilizzati esclusivamente per le seguenti finalit\u00e0:<\/p>\n\n\n\n<ol class=\"wp-block-list\">\n<li><strong>Fornitura, miglioramento e supporto dei nostri servizi online<\/strong>: include analisi dei dati, identificazione delle tendenze di utilizzo, nonch\u00e9 calcoli e statistiche sui modelli di accesso degli Interessati, per conto del Titolare del Trattamento, da parte degli incaricati a svolgere servizi di elaborazione e verifica del corretto funzionamento del sito web.<\/li>\n\n\n\n<li><strong>Mailing della Newsletter<\/strong>: se si compila il modulo web per registrarsi alla nostra Newsletter, utilizziamo esclusivamente i dati forniti da lei per verificare di essere il proprietario dell&#8217;indirizzo email indicato e di voler ricevere la Newsletter. In questo caso, i dati saranno archiviati fino all\u2019utilizzo, da parte dell\u2019interessato, dell\u2019apposito link presente in ogni email della newsletter \u201ccancellati dalla newsletter\u201d.<\/li>\n\n\n\n<li><strong>Uso del modulo di contatto<\/strong>: se si utilizza il form\/modulo di contatto per richieste di materiali, documenti o richieste di informazioni provenienti dall&#8217;utente, queste verranno utilizzate per elaborare la richiesta e memorizzate per un uso successivo e, se autorizzato, inserimento in newsletter, oltre che per le finalit\u00e0 di legittimo interesse del Titolare del Trattamento. I dati personali dell\u2019interessato saranno conservati per la durata dell&#8217;elaborazione della richiesta e per un periodo massimo di 2 anni dopo l\u2019ultimo contatto, a meno che lo stoccaggio pi\u00f9 lungo sia legalmente consentito per altri motivi o per il legittimo interesse del Titolare del Trattamento.<\/li>\n\n\n\n<li><strong>Richiesta di lavoro<\/strong>: le domande di lavoro contengono dati personali (ad esempio curriculum vitae, dati di contatto, ecc.). Possiamo utilizzare tali dati personali per decidere se offrire al richiedente una posizione o per rispondere alla lettera di richiesta. I dati saranno archiviati per la durata di 2 anni dopo l&#8217;ultimo contatto o aggiornamento dei dati, a meno che lo stoccaggio pi\u00f9 lungo sia legalmente consentito per altri motivi o per il legittimo interesse del Titolare del Trattamento, per un&#8217;eventuale considerazione in un momento successivo.<\/li>\n\n\n\n<li><strong>Navigazione nel presente sito web<\/strong>: se si naviga nel nostro sito memorizziamo dati non personali in connessione con l&#8217;uso dei nostri servizi online, come ad esempio il browser Internet utilizzato, il sistema operativo, il nome di dominio del sito web visitato per ultimo prima di accedere al nostro sito web, il numero di visite, il tempo trascorso sul nostro sito web e le pagine a cui si accede.<\/li>\n\n\n\n<li><strong>Legittimo interesse del Titolare del Trattamento<\/strong>: i dati personali rilasciati all\u2019interno del nostro sito web potrebbero essere utilizzati per il perseguimento del legittimo interesse del Titolare del Trattamento cos\u00ec come previsto dal Regolamento EU 2016\/679.<\/li>\n\n\n\n<li><strong>Obblighi<\/strong>: i dati rilasciati all\u2019interno del nostro sito, a prescindere dalla natura dei dati trattati, saranno utilizzati per l\u2019adempimento degli obblighi contrattuali, degli obblighi previsti dalla legge e degli obblighi di natura amministrativa-contabile (cio\u00e8 connessi allo svolgimento delle attivit\u00e0 di natura organizzativa, amministrativa, finanziaria, fiscale e contabile).<\/li>\n<\/ol>\n\n\n\n<p>I dati personali saranno trattati in forma informatizzata, telematica, cartacea e inseriti nelle pertinenti banche dati cui potr\u00e0 accedere esclusivamente il Titolare del Trattamento e i suoi Incaricati. Per quanto riguarda i dati trattati in forma elettronica, si sottolinea che sono state adottate tutte quelle misure di sicurezza appropriate per tutelare i diritti, le libert\u00e0 e i legittimi interessi dell&#8217;Interessato.<br>Inoltre, specifiche misure di sicurezza sono osservate per prevenire la perdita dei dati, usi illeciti o non corretti e accessi non autorizzati.<\/p>\n\n\n\n<h3 class=\"wp-block-heading\">Facoltativit\u00e0 del conferimento dei Dati<\/h3>\n\n\n\n<p>A parte quanto specificato per i dati di navigazione, l&#8217;utente \u00e8 libero di fornire i dati personali riportati nei moduli di richiesta alla societ\u00e0.<br>Il loro mancato conferimento pu\u00f2 comportare l&#8217;impossibilit\u00e0 di ottenere quanto richiesto e\/o di dar corso ai rapporti professionali e\/o agli obblighi di legge.<\/p>\n\n\n\n<h3 class=\"wp-block-heading\">Luogo di Trattamento dei Dati<\/h3>\n\n\n\n<p>I trattamenti connessi ai servizi web di questo sito hanno luogo presso la predetta sede della societ\u00e0 e sono curati solo da personale autorizzato, o da eventuali incaricati di occasionali operazioni di manutenzione. I dati acquisiti dalla suddetta Societ\u00e0 vengono salvati su web server in housing presso server farm dedicati ubicate in Italia e in EU.<\/p>\n\n\n\n<h3 class=\"wp-block-heading\">Eventuali Destinatari dei Dati<\/h3>\n\n\n\n<p>A seconda del tipo di interazione richiesta (ad esempio richiesta di informazioni o di materiale, collocazione di un ordine, richiesta di servizi, newsletter, ecc.), i dati possono essere comunicati a terze parti coinvolte nell&#8217;esecuzione degli ordini e dei contratti (ad es. Societ\u00e0 di Hosting, ecc.). Potremmo inoltre essere tenuti a divulgare i dati personali al fine adempiere ad obblighi di legge e\/o di soddisfare requisiti legali e\/o per far valere diritti e accordi.<\/p>\n\n\n\n<ul class=\"wp-block-list\">\n<li><strong>Trasmissione di dati a terze parti<\/strong>: per l&#8217;esecuzione di determinati ordini e per la fornitura di determinati servizi, lavoriamo con fornitori esterni (ad esempio Societ\u00e0 di Hosting). Tali fornitori sono autorizzati a utilizzare o trasmettere i dati raccolti e trattati da noi solo per l&#8217;esecuzione dell&#8217;ordine\/contratto inoltrato dalla Societ\u00e0 e per nessun altro scopo.<\/li>\n\n\n\n<li><strong>Trasmissione di dati all\u2019estero<\/strong>: per l&#8217;esecuzione di determinati ordini e per la fornitura di determinati servizi, lavoriamo con fornitori esterni anche esteri. Tali fornitori sono autorizzati a utilizzare o trasmettere i dati raccolti e trattati da noi solo per l&#8217;esecuzione dell&#8217;ordine inoltrato dalla Societ\u00e0 e per nessun altro scopo.<\/li>\n\n\n\n<li><strong>Conformit\u00e0 con leggi e obblighi simili<\/strong>: trasmetteremo i dati personali dell&#8217;utente al fine di:<\/li>\n<\/ul>\n\n\n\n<ol class=\"wp-block-list\">\n<li>applicare o rispettare una legge, un regolamento, un ordine emesso da un&#8217;autorit\u00e0 pubblica o misure obbligatorie,<\/li>\n\n\n\n<li>rilevare e prevenire minacce alla sicurezza, frode o altre attivit\u00e0 dannose,<\/li>\n\n\n\n<li>proteggere e\/o far rispettare i diritti e le propriet\u00e0 della Societ\u00e0 o di terze parti,<\/li>\n\n\n\n<li>proteggere i diritti e la sicurezza personale dei nostri dipendenti e di terze persone.<\/li>\n<\/ol>\n\n\n\n<p>In relazione alle finalit\u00e0 indicate ai punti 1, 2 e 3 del paragrafo precedente, i dati potranno inoltre essere comunicati ai seguenti soggetti o alle categorie di soggetti sotto indicati:<\/p>\n\n\n\n<ul class=\"wp-block-list\">\n<li>Studi di commercialisti riconosciuti relativi alla professione di assistenza alle aziende quando la comunicazione \u00e8 dovuta per legge, oppure \u00e8 nell&#8217;interesse del soggetto (persona fisica o giuridica);<\/li>\n\n\n\n<li>Studi di avvocati riconosciuti relativi alla professione di assistenza alle aziende quando la comunicazione \u00e8 dovuta per legge, regolarmente incaricati a tale forma di trattamento nel pieno rispetto delle misure minime vigenti, oppure quando la comunicazione \u00e8 nell&#8217;interesse del soggetto (persona fisica o giuridica);<\/li>\n\n\n\n<li>Consulenti Tecnici Commerciali per adempiere alla richiesta di contatto.<\/li>\n<\/ul>\n\n\n\n<h3 class=\"wp-block-heading\">Periodo di Conservazione dei Dati<\/h3>\n\n\n\n<p>Al termine della prestazione o della fornitura del servizio, o nei casi che non prevedono diversamente, i dati personali saranno conservati esclusivamente per scopi storici o statistici o per obblighi di legge, in conformit\u00e0 alla legge, ai regolamenti, alla normativa comunitaria e ai codici di deontologia e di buona condotta sottoscritti ai sensi dell&#8217;art. 40 del Reg. UE 2016\/679, per un periodo come da normativa vigente (di solito 10 anni), oppure, nel caso non siano soggetti ad alcuna legge, per un periodo non superiore a 5 anni. Oltre tale periodo, i dati personali saranno conservati in forma anonima, oppure saranno distrutti.<\/p>\n\n\n\n<h3 class=\"wp-block-heading\">Diritti degli Interessati<\/h3>\n\n\n\n<p>L\u2019Interessato ha diritto di:<\/p>\n\n\n\n<ul class=\"wp-block-list\">\n<li>ottenere la conferma dell\u2019esistenza o meno di dati personali che lo riguardano, anche se non ancora registrati, e la loro comunicazione senza ritardo in forma intelligibile;<\/li>\n\n\n\n<li>richiedere informazioni, per iscritto, sui suoi dati personali da noi memorizzati (es: origine, finalit\u00e0, modalit\u00e0, categorie, logica applicata, periodo di conservazione, diritti, dati identificativi del Titolare del Trattamento, soggetti o categorie a cui possono essere comunicati i dati);<\/li>\n\n\n\n<li>revocare il consenso al trattamento dei dati;<\/li>\n\n\n\n<li>richiedere la cancellazione dei dati;<\/li>\n\n\n\n<li>richiedere la trasformazione e\/o la limitazione o il blocco dei dati trattati in violazione di legge;<\/li>\n\n\n\n<li>richiedere l\u2019aggiornamento, la rettifica o l\u2019integrazione dei dati;<\/li>\n\n\n\n<li>ottenere i suoi dati personali, forniti al Titolare del Trattamento, in modo da poterli trasmettere ad altro Titolare del Trattamento;<\/li>\n\n\n\n<li>richiedere l\u2019attestazione che le operazioni predette sono state portate a conoscenza di coloro ai quali i dati sono stati comunicati, eccettuato il caso in cui tale adempimento si riveli impossibile o comporti un impiego di mezzi sproporzionato rispetto al diritto tutelato;<\/li>\n\n\n\n<li>opporsi, in tutto o in parte, per motivi legittimi, al trattamento dei dati personali che lo riguardano, ancorch\u00e9 pertinenti allo scopo della raccolta;<\/li>\n\n\n\n<li>proporre reclamo all\u2019Autorit\u00e0 Garante per la Privacy (\u00a0<a href=\"http:\/\/www.garanteprivacy.it\/\">garanteprivacy.it<\/a>\u00a0).<\/li>\n<\/ul>\n\n\n\n<p>L\u2019Interessato iscritto alla nostra Newsletter o che riceve nostre email commerciali, pu\u00f2 cancellare la sua iscrizione o la ricezione delle email cliccando sul link &#8220;Cancellati dalla Newsletter&#8221; presente in ogni email.<br>L\u2019interessato che vuole esercitare un suo diritto pu\u00f2 utilizzare i contatti presenti nel sito oppure inviare un&#8217;email all&#8217;indirizzo<a href=\"mailto:info@comunianvini.it\">&nbsp;info@comunianvini.it&nbsp;<br><\/a>Per ulteriori informazioni in ordine alle leggi e ai diritti sulla privacy, l\u2019Interessato pu\u00f2 visitare il sito web dell\u2019Autorit\u00e0 Garante per la Protezione dei Dati Personali all\u2019indirizzo:&nbsp;<a href=\"http:\/\/www.garanteprivacy.it\/\">www.garanteprivacy.it<\/a>&nbsp;.<\/p>\n\n\n\n<h3 class=\"wp-block-heading\">Assenza di un Processo Decisionale Automatizzato<\/h3>\n\n\n\n<p>Il Titolare del Trattamento informa l&#8217;Interessato che in questo sito web non esiste un processo decisionale automatizzato e quindi, in particolare, non esiste un sistema di profilazione.<\/p>\n\n\n\n<h3 class=\"wp-block-heading\">Cookie<\/h3>\n\n\n\n<p>Questo sito web utilizza vari Cookie per migliorare e facilitare la navigazione.<br>Per tutte le informazioni concernenti i Cookie e la Cookie Policy di questo Sito web visitare:&nbsp;<a href=\"https:\/\/www.comunianvini.it\/cookies-policy\/\">https:\/\/www.comunianvini.it\/cookies-policy\/<\/a><\/p>\n\n\n\n<p><strong>Dati aziendali<\/strong><\/p>\n\n\n\n<p>Comunian Vini Srl<br>Via Svezia, 5<br>35127 Padova (PD)<br>info@comunianvini.it<\/p>\n","protected":false},"excerpt":{"rendered":"<p>Informativa sul trattamento dei dati personali ai sensi del Regolamento UE n. 679\/2016 (GDPR) e delle ulteriori normative vigenti Premessa Questa pagina ha lo scopo di informare&nbsp;l\u2019Interessato\/Utente&nbsp;su come&nbsp;Comunian Vini Srl&nbsp;, da ora nominata \u201cSociet\u00e0\u201d, utilizza i dati personali raccolti dal sito web&nbsp;www.comunianvini.it&nbsp;e dalle relative applicazioni online. L\u2019informativa non \u00e8 estendibile a siti web eventualmente consultati [&hellip;]<\/p>\n","protected":false},"author":1,"featured_media":0,"parent":0,"menu_order":0,"comment_status":"closed","ping_status":"closed","template":"","meta":{"_acf_changed":false,"footnotes":""},"class_list":["post-2275","page","type-page","status-publish","hentry"],"acf":[],"_links":{"self":[{"href":"https:\/\/www.comunianvini.it\/index.php?rest_route=\/wp\/v2\/pages\/2275","targetHints":{"allow":["GET"]}}],"collection":[{"href":"https:\/\/www.comunianvini.it\/index.php?rest_route=\/wp\/v2\/pages"}],"about":[{"href":"https:\/\/www.comunianvini.it\/index.php?rest_route=\/wp\/v2\/types\/page"}],"author":[{"embeddable":true,"href":"https:\/\/www.comunianvini.it\/index.php?rest_route=\/wp\/v2\/users\/1"}],"replies":[{"embeddable":true,"href":"https:\/\/www.comunianvini.it\/index.php?rest_route=%2Fwp%2Fv2%2Fcomments&post=2275"}],"version-history":[{"count":1,"href":"https:\/\/www.comunianvini.it\/index.php?rest_route=\/wp\/v2\/pages\/2275\/revisions"}],"predecessor-version":[{"id":2278,"href":"https:\/\/www.comunianvini.it\/index.php?rest_route=\/wp\/v2\/pages\/2275\/revisions\/2278"}],"wp:attachment":[{"href":"https:\/\/www.comunianvini.it\/index.php?rest_route=%2Fwp%2Fv2%2Fmedia&parent=2275"}],"curies":[{"name":"wp","href":"https:\/\/api.w.org\/{rel}","templated":true}]}}